{"id":11294,"date":"2026-03-11T10:02:05","date_gmt":"2026-03-11T09:02:05","guid":{"rendered":"https:\/\/biokema.ch\/produits-biokema\/frotiflor\/"},"modified":"2026-03-11T10:48:22","modified_gmt":"2026-03-11T09:48:22","slug":"frotiflor","status":"publish","type":"produitsbiokema","link":"https:\/\/biokema.ch\/de\/produkte-biokema\/frotiflor\/","title":{"rendered":"Fortiflor\u2122"},"content":{"rendered":"\n<div class=\"wp-block-columns is-layout-flex wp-container-core-columns-is-layout-28f84493 wp-block-columns-is-layout-flex\">\n<div class=\"wp-block-column is-layout-flow wp-block-column-is-layout-flow\" style=\"flex-basis:33.33%\">\n<h2 class=\"wp-block-heading\">Geburt \u2013 Aufbau des Mikrobioms<\/h2>\n<\/div>\n\n\n\n<div class=\"wp-block-column is-layout-flow wp-block-column-is-layout-flow\" style=\"flex-basis:66.66%\" id=\"bloc-paragraphe\">\n<p>Erg\u00e4nzungsfuttermittel f\u00fcr K\u00e4lber <\/p>\n\n\n\n<p>Ab den ersten Lebensstunden etabliert sich das Darmmikrobiom beim Kalb sehr schnell. Diese fr\u00fche Phase ist durch eine ausgepr\u00e4gte mikrobielle Dynamik und eine hohe Sensibilit\u00e4t gegen\u00fcber Haltungs- und Umweltfaktoren gekennzeichnet. <\/p>\n\n\n\n<p>Fortiflor\u2122 ist gezielt daf\u00fcr konzipiert, zum Zeitpunkt der Geburt verabreicht zu werden, wenn das Mikrobiom besonders plastisch ist.<\/p>\n<\/div>\n<\/div>\n\n<figure class=\"wp-block-video\"><video controls=\"\" src=\"https:\/\/biokema.ch\/wp-content\/uploads\/2026\/03\/video_OP_FR_FullHD.mp4\"><\/video><\/figure>\n\n<div class=\"wp-block-columns is-layout-flex wp-container-core-columns-is-layout-28f84493 wp-block-columns-is-layout-flex\">\n<div class=\"wp-block-column is-layout-flow wp-block-column-is-layout-flow\" style=\"flex-basis:33.33%\">\n<h2 class=\"wp-block-heading\">Vorteile<\/h2>\n<\/div>\n\n\n\n<div class=\"wp-block-column is-layout-flow wp-block-column-is-layout-flow\" style=\"flex-basis:66.66%\" id=\"bloc-paragraphe\">\n<ul class=\"wp-block-list\">\n<li>F\u00f6rdert eine fr\u00fche Ansiedlung eines vielf\u00e4ltigeren Mikrobioms<\/li>\n\n\n\n<li>Tr\u00e4gt zur Verdauungsstabilit\u00e4t in den ersten Lebenstagen bei<\/li>\n\n\n\n<li>Bestandteil einer Gesamtstrategie zur Reduktion des Risikos neonataler Verdauungsungleichgewichte<\/li>\n<\/ul>\n<\/div>\n<\/div>\n\n<div class=\"wp-block-columns is-layout-flex wp-container-core-columns-is-layout-28f84493 wp-block-columns-is-layout-flex\">\n<div class=\"wp-block-column is-layout-flow wp-block-column-is-layout-flow\" style=\"flex-basis:33.33%\">\n<h2 class=\"wp-block-heading\">Wissenschaftliche Grundlage<\/h2>\n<\/div>\n\n\n\n<div class=\"wp-block-column is-layout-flow wp-block-column-is-layout-flow\" style=\"flex-basis:66.66%\" id=\"bloc-paragraphe\">\n<p>Beim neugeborenen Kalb wurde eine neonatale Supplementierung auf Basis von Fortiflor\u2122 (FAP-Verfahren) mit messbaren Ver\u00e4nderungen im f\u00e4kalen Mikrobiom in Verbindung gebracht, bewertet mittels 16S-Sequenzierung\u00b3.<br\/>Die Ergebnisse zeigen in den ersten Lebenstagen eine h\u00f6here mikrobielle Vielfalt und Diversit\u00e4t, was mit einer g\u00fcnstigeren Etablierung des Mikrobioms vereinbar ist.\u00b9 <\/p>\n<\/div>\n<\/div>\n\n<div class=\"wp-block-columns is-layout-flex wp-container-core-columns-is-layout-28f84493 wp-block-columns-is-layout-flex\">\n<div class=\"wp-block-column is-layout-flow wp-block-column-is-layout-flow\" style=\"flex-basis:33.33%\">\n<h2 class=\"wp-block-heading\">Gebrauchsanweisung<\/h2>\n<\/div>\n\n\n\n<div class=\"wp-block-column is-layout-flow wp-block-column-is-layout-flow\" style=\"flex-basis:66.66%\" id=\"bloc-paragraphe\">\n<p><strong>K\u00e4lber \/ Rinder<\/strong><\/p>\n\n\n\n<ul class=\"wp-block-list\">\n<li>Bei der Geburt nach der Kolostrumaufnahme und am n\u00e4chsten Tag: 1 bis 2 Injektoren pro Tag.<\/li>\n\n\n\n<li>Bei geschw\u00e4chten K\u00e4lbern um 2 Tage verl\u00e4ngern.<\/li>\n\n\n\n<li>Bei Dysbiose, Appetitlosigkeit, beim Absetzen: 1 Injektor pro Tag, 2 bis 4 Tage hintereinander.*<\/li>\n<\/ul>\n\n\n\n<p><em>* Bei Verabreichung an L\u00e4mmer\/Zicklein ist die Dosis auf \u00bd Dosis pro Tag w\u00e4hrend 2 Tagen zu reduzieren. Bei schw\u00e4chlichen L\u00e4mmern\/Zicklein um 2 Tage verl\u00e4ngern. <\/em><\/p>\n<\/div>\n<\/div>\n\n<div class=\"wp-block-columns references is-layout-flex wp-container-core-columns-is-layout-28f84493 wp-block-columns-is-layout-flex\">\n<div class=\"wp-block-column is-layout-flow wp-block-column-is-layout-flow\">\n<p><strong>Referenzen:<\/strong><\/p>\n\n\n\n<ol class=\"wp-block-list\">\n<li>M. Save, C.A.M. Becker, A. Bompard, B. Guin, S. Barry, et al., Infl uence of birth mode and pre- and post-biotic supplementation on the fecal microbiota: a randomized controlled trial in Charolais calves. European Buiatrics Congress and ECBHM Jubilee Symposium 2023, Aug 2023, Berlin, Germany. pp.34-?. Hal-04202057 (\u00e9tude fi nanc\u00e9e par Original Process)<\/li>\n<\/ol>\n\n\n\n<p>Fachleute k\u00f6nnen die genannten Referenzen anfordern.<\/p>\n<\/div>\n<\/div>\n","protected":false},"excerpt":{"rendered":"<p>Geburt \u2013 Aufbau des Mikrobioms Erg\u00e4nzungsfuttermittel f\u00fcr K\u00e4lber Ab den ersten Lebensstunden etabliert sich das Darmmikrobiom beim Kalb sehr schnell. Diese fr\u00fche Phase ist durch eine ausgepr\u00e4gte mikrobielle Dynamik und eine hohe Sensibilit\u00e4t gegen\u00fcber Haltungs- und Umweltfaktoren gekennzeichnet. Fortiflor\u2122 ist gezielt daf\u00fcr konzipiert, zum Zeitpunkt der Geburt verabreicht zu werden, wenn das Mikrobiom besonders plastisch [&hellip;]<\/p>\n","protected":false},"author":1258,"featured_media":11184,"template":"","meta":{"_acf_changed":false,"_monsterinsights_skip_tracking":false,"_monsterinsights_sitenote_active":false,"_monsterinsights_sitenote_note":"","_monsterinsights_sitenote_category":0,"footnotes":""},"couleursproduits":[48],"espece":[112],"categoriesproduits":[93],"class_list":["post-11294","produitsbiokema","type-produitsbiokema","status-publish","has-post-thumbnail","hentry","couleursproduits-turquoise","espece-kalber","categoriesproduits-erganzungsfuttermittel"],"acf":[],"yoast_head":"<!-- This site is optimized with the Yoast SEO plugin v27.4 - https:\/\/yoast.com\/product\/yoast-seo-wordpress\/ -->\n<title>Fortiflor\u2122 - Biokema SA<\/title>\n<meta name=\"robots\" content=\"noindex, follow\" \/>\n<meta property=\"og:locale\" content=\"de_DE\" \/>\n<meta property=\"og:type\" content=\"article\" \/>\n<meta property=\"og:title\" content=\"Fortiflor\u2122 - Biokema SA\" \/>\n<meta property=\"og:description\" content=\"Geburt \u2013 Aufbau des Mikrobioms Erg\u00e4nzungsfuttermittel f\u00fcr K\u00e4lber Ab den ersten Lebensstunden etabliert sich das Darmmikrobiom beim Kalb sehr schnell. Diese fr\u00fche Phase ist durch eine ausgepr\u00e4gte mikrobielle Dynamik und eine hohe Sensibilit\u00e4t gegen\u00fcber Haltungs- und Umweltfaktoren gekennzeichnet. Fortiflor\u2122 ist gezielt daf\u00fcr konzipiert, zum Zeitpunkt der Geburt verabreicht zu werden, wenn das Mikrobiom besonders plastisch [&hellip;]\" \/>\n<meta property=\"og:url\" content=\"https:\/\/biokema.ch\/de\/produkte-biokema\/frotiflor\/\" \/>\n<meta property=\"og:site_name\" content=\"Biokema SA\" \/>\n<meta property=\"article:publisher\" content=\"https:\/\/www.facebook.com\/BiokemaSA\/\" \/>\n<meta property=\"article:modified_time\" content=\"2026-03-11T09:48:22+00:00\" \/>\n<meta property=\"og:image\" content=\"https:\/\/biokema.ch\/wp-content\/uploads\/2026\/03\/Fortiflor.png\" \/>\n\t<meta property=\"og:image:width\" content=\"1200\" \/>\n\t<meta property=\"og:image:height\" content=\"1093\" \/>\n\t<meta property=\"og:image:type\" content=\"image\/png\" \/>\n<meta name=\"twitter:card\" content=\"summary_large_image\" \/>\n<meta name=\"twitter:label1\" content=\"Gesch\u00e4tzte Lesezeit\" \/>\n\t<meta name=\"twitter:data1\" content=\"2\u00a0Minuten\" \/>\n<script type=\"application\/ld+json\" class=\"yoast-schema-graph\">{\"@context\":\"https:\\\/\\\/schema.org\",\"@graph\":[{\"@type\":\"WebPage\",\"@id\":\"https:\\\/\\\/biokema.ch\\\/de\\\/produkte-biokema\\\/frotiflor\\\/\",\"url\":\"https:\\\/\\\/biokema.ch\\\/de\\\/produkte-biokema\\\/frotiflor\\\/\",\"name\":\"Fortiflor\u2122 - Biokema SA\",\"isPartOf\":{\"@id\":\"https:\\\/\\\/biokema.ch\\\/de\\\/#website\"},\"primaryImageOfPage\":{\"@id\":\"https:\\\/\\\/biokema.ch\\\/de\\\/produkte-biokema\\\/frotiflor\\\/#primaryimage\"},\"image\":{\"@id\":\"https:\\\/\\\/biokema.ch\\\/de\\\/produkte-biokema\\\/frotiflor\\\/#primaryimage\"},\"thumbnailUrl\":\"https:\\\/\\\/biokema.ch\\\/wp-content\\\/uploads\\\/2026\\\/03\\\/Fortiflor.png\",\"datePublished\":\"2026-03-11T09:02:05+00:00\",\"dateModified\":\"2026-03-11T09:48:22+00:00\",\"breadcrumb\":{\"@id\":\"https:\\\/\\\/biokema.ch\\\/de\\\/produkte-biokema\\\/frotiflor\\\/#breadcrumb\"},\"inLanguage\":\"de\",\"potentialAction\":[{\"@type\":\"ReadAction\",\"target\":[\"https:\\\/\\\/biokema.ch\\\/de\\\/produkte-biokema\\\/frotiflor\\\/\"]}]},{\"@type\":\"ImageObject\",\"inLanguage\":\"de\",\"@id\":\"https:\\\/\\\/biokema.ch\\\/de\\\/produkte-biokema\\\/frotiflor\\\/#primaryimage\",\"url\":\"https:\\\/\\\/biokema.ch\\\/wp-content\\\/uploads\\\/2026\\\/03\\\/Fortiflor.png\",\"contentUrl\":\"https:\\\/\\\/biokema.ch\\\/wp-content\\\/uploads\\\/2026\\\/03\\\/Fortiflor.png\",\"width\":1200,\"height\":1093},{\"@type\":\"BreadcrumbList\",\"@id\":\"https:\\\/\\\/biokema.ch\\\/de\\\/produkte-biokema\\\/frotiflor\\\/#breadcrumb\",\"itemListElement\":[{\"@type\":\"ListItem\",\"position\":1,\"name\":\"Accueil\",\"item\":\"https:\\\/\\\/biokema.ch\\\/de\\\/biokema-sa\\\/\"},{\"@type\":\"ListItem\",\"position\":2,\"name\":\"Produits\",\"item\":\"https:\\\/\\\/biokema.ch\\\/de\\\/produkte-biokema\\\/\"},{\"@type\":\"ListItem\",\"position\":3,\"name\":\"Fortiflor\u2122\"}]},{\"@type\":\"WebSite\",\"@id\":\"https:\\\/\\\/biokema.ch\\\/de\\\/#website\",\"url\":\"https:\\\/\\\/biokema.ch\\\/de\\\/\",\"name\":\"Biokema SA\",\"description\":\"Ihr Veterin\u00e4rpartner seit 1959\",\"publisher\":{\"@id\":\"https:\\\/\\\/biokema.ch\\\/de\\\/#organization\"},\"potentialAction\":[{\"@type\":\"SearchAction\",\"target\":{\"@type\":\"EntryPoint\",\"urlTemplate\":\"https:\\\/\\\/biokema.ch\\\/de\\\/?s={search_term_string}\"},\"query-input\":{\"@type\":\"PropertyValueSpecification\",\"valueRequired\":true,\"valueName\":\"search_term_string\"}}],\"inLanguage\":\"de\"},{\"@type\":\"Organization\",\"@id\":\"https:\\\/\\\/biokema.ch\\\/de\\\/#organization\",\"name\":\"Biokema SA\",\"url\":\"https:\\\/\\\/biokema.ch\\\/de\\\/\",\"logo\":{\"@type\":\"ImageObject\",\"inLanguage\":\"de\",\"@id\":\"https:\\\/\\\/biokema.ch\\\/de\\\/#\\\/schema\\\/logo\\\/image\\\/\",\"url\":\"https:\\\/\\\/biokema.ch\\\/wp-content\\\/uploads\\\/2025\\\/03\\\/logo-biokema.svg\",\"contentUrl\":\"https:\\\/\\\/biokema.ch\\\/wp-content\\\/uploads\\\/2025\\\/03\\\/logo-biokema.svg\",\"width\":1,\"height\":1,\"caption\":\"Biokema SA\"},\"image\":{\"@id\":\"https:\\\/\\\/biokema.ch\\\/de\\\/#\\\/schema\\\/logo\\\/image\\\/\"},\"sameAs\":[\"https:\\\/\\\/www.facebook.com\\\/BiokemaSA\\\/\",\"https:\\\/\\\/www.instagram.com\\\/biokema.ch\\\/\"]}]}<\/script>\n<!-- \/ Yoast SEO plugin. -->","yoast_head_json":{"title":"Fortiflor\u2122 - Biokema SA","robots":{"index":"noindex","follow":"follow"},"og_locale":"de_DE","og_type":"article","og_title":"Fortiflor\u2122 - Biokema SA","og_description":"Geburt \u2013 Aufbau des Mikrobioms Erg\u00e4nzungsfuttermittel f\u00fcr K\u00e4lber Ab den ersten Lebensstunden etabliert sich das Darmmikrobiom beim Kalb sehr schnell. Diese fr\u00fche Phase ist durch eine ausgepr\u00e4gte mikrobielle Dynamik und eine hohe Sensibilit\u00e4t gegen\u00fcber Haltungs- und Umweltfaktoren gekennzeichnet. Fortiflor\u2122 ist gezielt daf\u00fcr konzipiert, zum Zeitpunkt der Geburt verabreicht zu werden, wenn das Mikrobiom besonders plastisch [&hellip;]","og_url":"https:\/\/biokema.ch\/de\/produkte-biokema\/frotiflor\/","og_site_name":"Biokema SA","article_publisher":"https:\/\/www.facebook.com\/BiokemaSA\/","article_modified_time":"2026-03-11T09:48:22+00:00","og_image":[{"width":1200,"height":1093,"url":"https:\/\/biokema.ch\/wp-content\/uploads\/2026\/03\/Fortiflor.png","type":"image\/png"}],"twitter_card":"summary_large_image","twitter_misc":{"Gesch\u00e4tzte Lesezeit":"2\u00a0Minuten"},"schema":{"@context":"https:\/\/schema.org","@graph":[{"@type":"WebPage","@id":"https:\/\/biokema.ch\/de\/produkte-biokema\/frotiflor\/","url":"https:\/\/biokema.ch\/de\/produkte-biokema\/frotiflor\/","name":"Fortiflor\u2122 - Biokema SA","isPartOf":{"@id":"https:\/\/biokema.ch\/de\/#website"},"primaryImageOfPage":{"@id":"https:\/\/biokema.ch\/de\/produkte-biokema\/frotiflor\/#primaryimage"},"image":{"@id":"https:\/\/biokema.ch\/de\/produkte-biokema\/frotiflor\/#primaryimage"},"thumbnailUrl":"https:\/\/biokema.ch\/wp-content\/uploads\/2026\/03\/Fortiflor.png","datePublished":"2026-03-11T09:02:05+00:00","dateModified":"2026-03-11T09:48:22+00:00","breadcrumb":{"@id":"https:\/\/biokema.ch\/de\/produkte-biokema\/frotiflor\/#breadcrumb"},"inLanguage":"de","potentialAction":[{"@type":"ReadAction","target":["https:\/\/biokema.ch\/de\/produkte-biokema\/frotiflor\/"]}]},{"@type":"ImageObject","inLanguage":"de","@id":"https:\/\/biokema.ch\/de\/produkte-biokema\/frotiflor\/#primaryimage","url":"https:\/\/biokema.ch\/wp-content\/uploads\/2026\/03\/Fortiflor.png","contentUrl":"https:\/\/biokema.ch\/wp-content\/uploads\/2026\/03\/Fortiflor.png","width":1200,"height":1093},{"@type":"BreadcrumbList","@id":"https:\/\/biokema.ch\/de\/produkte-biokema\/frotiflor\/#breadcrumb","itemListElement":[{"@type":"ListItem","position":1,"name":"Accueil","item":"https:\/\/biokema.ch\/de\/biokema-sa\/"},{"@type":"ListItem","position":2,"name":"Produits","item":"https:\/\/biokema.ch\/de\/produkte-biokema\/"},{"@type":"ListItem","position":3,"name":"Fortiflor\u2122"}]},{"@type":"WebSite","@id":"https:\/\/biokema.ch\/de\/#website","url":"https:\/\/biokema.ch\/de\/","name":"Biokema SA","description":"Ihr Veterin\u00e4rpartner seit 1959","publisher":{"@id":"https:\/\/biokema.ch\/de\/#organization"},"potentialAction":[{"@type":"SearchAction","target":{"@type":"EntryPoint","urlTemplate":"https:\/\/biokema.ch\/de\/?s={search_term_string}"},"query-input":{"@type":"PropertyValueSpecification","valueRequired":true,"valueName":"search_term_string"}}],"inLanguage":"de"},{"@type":"Organization","@id":"https:\/\/biokema.ch\/de\/#organization","name":"Biokema SA","url":"https:\/\/biokema.ch\/de\/","logo":{"@type":"ImageObject","inLanguage":"de","@id":"https:\/\/biokema.ch\/de\/#\/schema\/logo\/image\/","url":"https:\/\/biokema.ch\/wp-content\/uploads\/2025\/03\/logo-biokema.svg","contentUrl":"https:\/\/biokema.ch\/wp-content\/uploads\/2025\/03\/logo-biokema.svg","width":1,"height":1,"caption":"Biokema SA"},"image":{"@id":"https:\/\/biokema.ch\/de\/#\/schema\/logo\/image\/"},"sameAs":["https:\/\/www.facebook.com\/BiokemaSA\/","https:\/\/www.instagram.com\/biokema.ch\/"]}]}},"_links":{"self":[{"href":"https:\/\/biokema.ch\/de\/wp-json\/wp\/v2\/produitsbiokema\/11294","targetHints":{"allow":["GET"]}}],"collection":[{"href":"https:\/\/biokema.ch\/de\/wp-json\/wp\/v2\/produitsbiokema"}],"about":[{"href":"https:\/\/biokema.ch\/de\/wp-json\/wp\/v2\/types\/produitsbiokema"}],"author":[{"embeddable":true,"href":"https:\/\/biokema.ch\/de\/wp-json\/wp\/v2\/users\/1258"}],"version-history":[{"count":4,"href":"https:\/\/biokema.ch\/de\/wp-json\/wp\/v2\/produitsbiokema\/11294\/revisions"}],"predecessor-version":[{"id":11312,"href":"https:\/\/biokema.ch\/de\/wp-json\/wp\/v2\/produitsbiokema\/11294\/revisions\/11312"}],"wp:featuredmedia":[{"embeddable":true,"href":"https:\/\/biokema.ch\/de\/wp-json\/wp\/v2\/media\/11184"}],"wp:attachment":[{"href":"https:\/\/biokema.ch\/de\/wp-json\/wp\/v2\/media?parent=11294"}],"wp:term":[{"taxonomy":"couleursproduits","embeddable":true,"href":"https:\/\/biokema.ch\/de\/wp-json\/wp\/v2\/couleursproduits?post=11294"},{"taxonomy":"espece","embeddable":true,"href":"https:\/\/biokema.ch\/de\/wp-json\/wp\/v2\/espece?post=11294"},{"taxonomy":"categoriesproduits","embeddable":true,"href":"https:\/\/biokema.ch\/de\/wp-json\/wp\/v2\/categoriesproduits?post=11294"}],"curies":[{"name":"wp","href":"https:\/\/api.w.org\/{rel}","templated":true}]}}